{"id":5887,"date":"2020-06-05T11:24:05","date_gmt":"2020-06-05T09:24:05","guid":{"rendered":"https:\/\/experienciamoderna.com\/ikerketa-proiektuak-eta-kontratuak\/"},"modified":"2024-02-06T13:34:18","modified_gmt":"2024-02-06T12:34:18","slug":"ikerketa-proiektuak-eta-kontratuak","status":"publish","type":"page","link":"https:\/\/experienciamoderna.com\/eu\/ikerketa\/ikerketa-proiektuak-eta-kontratuak\/","title":{"rendered":"Ikerketa proiektuak eta kontratuak"},"content":{"rendered":"<p>[et_pb_section fb_built=&#8221;1&#8243; admin_label=&#8221;Header&#8221; _builder_version=&#8221;4.24.0&#8243; use_background_color_gradient=&#8221;on&#8221; background_color_gradient_type=&#8221;circular&#8221; background_color_gradient_direction_radial=&#8221;bottom&#8221; background_color_gradient_stops=&#8221;rgba(190,183,198,0.81) 0%|#beb7c6 100%&#8221; background_color_gradient_overlays_image=&#8221;on&#8221; background_color_gradient_start=&#8221;rgba(190,183,198,0.81)&#8221; background_color_gradient_end=&#8221;#beb7c6&#8243; background_image=&#8221;https:\/\/experienciamoderna.com\/wp-content\/uploads\/2020\/03\/grupo_portada_prueba1.jpg&#8221; custom_margin=&#8221;|||&#8221; custom_padding=&#8221;||3vw||false|false&#8221; bottom_divider_style=&#8221;wave2&#8243; bottom_divider_color=&#8221;#ffffff&#8221; bottom_divider_height=&#8221;10vw&#8221; bottom_divider_repeat=&#8221;0.5x&#8221; bottom_divider_flip=&#8221;vertical|horizontal&#8221; bottom_divider_arrangement=&#8221;above_content&#8221; bottom_divider_height_tablet=&#8221;0px&#8221; bottom_divider_height_phone=&#8221;0px&#8221; bottom_divider_height_last_edited=&#8221;on|phone&#8221; global_colors_info=&#8221;{}&#8221; locked=&#8221;off&#8221;][et_pb_row _builder_version=&#8221;4.16&#8243; global_colors_info=&#8221;{}&#8221;][et_pb_column type=&#8221;4_4&#8243; _builder_version=&#8221;4.16&#8243; custom_padding=&#8221;|||&#8221; global_colors_info=&#8221;{}&#8221; custom_padding__hover=&#8221;|||&#8221;][et_pb_text _builder_version=&#8221;4.24.0&#8243; text_font=&#8221;||||||||&#8221; text_font_size=&#8221;16px&#8221; text_line_height=&#8221;2em&#8221; header_font=&#8221;Ubuntu|700||||on|||&#8221; header_text_align=&#8221;right&#8221; header_text_color=&#8221;#393e56&#8243; header_font_size=&#8221;25px&#8221; header_line_height=&#8221;1.4em&#8221; header_3_font=&#8221;Ubuntu||||||||&#8221; header_3_line_height=&#8221;1.8em&#8221; text_orientation=&#8221;right&#8221; background_layout=&#8221;dark&#8221; max_width=&#8221;700px&#8221; module_alignment=&#8221;right&#8221; custom_margin=&#8221;|||&#8221; hover_enabled=&#8221;0&#8243; text_font_size_tablet=&#8221;&#8221; text_font_size_phone=&#8221;14px&#8221; text_font_size_last_edited=&#8221;on|desktop&#8221; header_font_size_tablet=&#8221;&#8221; header_font_size_phone=&#8221;32px&#8221; header_font_size_last_edited=&#8221;on|desktop&#8221; locked=&#8221;off&#8221; global_colors_info=&#8221;{}&#8221; sticky_enabled=&#8221;0&#8243;]<\/p>\n<h1>Ikerketa proiektuak eta kontratuak<\/h1>\n<p>[\/et_pb_text][\/et_pb_column][\/et_pb_row][\/et_pb_section][et_pb_section fb_built=&#8221;1&#8243; prev_background_color=&#8221;#ffffff&#8221; admin_label=&#8221;Events&#8221; _builder_version=&#8221;4.16&#8243; background_color=&#8221;#f5f5f5&#8243; use_background_color_gradient=&#8221;on&#8221; background_color_gradient_stops=&#8221;#f5f5f5 0%|#ffffff 100%&#8221; background_color_gradient_start=&#8221;#f5f5f5&#8243; background_color_gradient_end=&#8221;#ffffff&#8221; custom_margin_tablet=&#8221;|0px||&#8221; custom_margin_last_edited=&#8221;off|desktop&#8221; custom_padding=&#8221;40px||||false|false&#8221; top_divider_style=&#8221;wave2&#8243; top_divider_height=&#8221;14vw&#8221; top_divider_repeat=&#8221;0.5x&#8221; top_divider_flip=&#8221;horizontal&#8221; locked=&#8221;off&#8221; global_colors_info=&#8221;{}&#8221;][et_pb_row _builder_version=&#8221;4.16&#8243; custom_margin=&#8221;0px||0px||false|false&#8221; custom_padding=&#8221;0px||||false|false&#8221; global_colors_info=&#8221;{}&#8221;][et_pb_column type=&#8221;4_4&#8243; _builder_version=&#8221;4.16&#8243; custom_padding=&#8221;|||&#8221; global_colors_info=&#8221;{}&#8221; custom_padding__hover=&#8221;|||&#8221;][et_pb_text _builder_version=&#8221;4.16&#8243; header_font=&#8221;||||||||&#8221; header_text_color=&#8221;#393e56&#8243; header_3_text_color=&#8221;#393e56&#8243; header_4_font=&#8221;Ubuntu||||||||&#8221; header_4_font_size=&#8221;20px&#8221; header_4_line_height=&#8221;1.8em&#8221; header_5_font=&#8221;Lato||on||||||&#8221; header_5_font_size=&#8221;14px&#8221; header_5_line_height=&#8221;1.8em&#8221; custom_margin=&#8221;||0px|&#8221; global_colors_info=&#8221;{}&#8221;]<\/p>\n<h3>TALDEAK<\/h3>\n<p>[\/et_pb_text][et_pb_divider _builder_version=&#8221;4.16&#8243; global_colors_info=&#8221;{}&#8221;][\/et_pb_divider][et_pb_text content_tablet=&#8221;&#8221; content_phone=&#8221;<\/p>\n<h4 style=%22text-align: center;%22><img class=%22wp-image-4593 size-full aligncenter%22 src=%22https:\/\/experienciamoderna.com\/wp-content\/uploads\/2020\/05\/logoGobiernoVasco.jpg%22 alt=%22%22 width=%22159%22 height=%2280%22 \/><\/h4>\n<h4 style=%22text-align: center;%22>Grupo de Investigaci\u00f3n del Sistema Universitario Vasco desde 2019.<\/h4>\n<p style=%22text-align: center;%22>C\u00f3digo IT1312- 19.<\/p>\n<p>&#8221; content_last_edited=&#8221;on|phone&#8221; _builder_version=&#8221;4.19.5&#8243; header_font=&#8221;||||||||&#8221; header_3_text_color=&#8221;#ab398e&#8221; header_4_font=&#8221;Ubuntu||||||||&#8221; header_4_text_color=&#8221;#ab398e&#8221; header_4_font_size=&#8221;20px&#8221; header_4_line_height=&#8221;1.8em&#8221; header_5_font=&#8221;Lato||on||||||&#8221; header_5_font_size=&#8221;14px&#8221; header_5_line_height=&#8221;1.8em&#8221; background_color=&#8221;#ffffff&#8221; custom_margin=&#8221;||||false|false&#8221; custom_padding=&#8221;30px|30px|30px|30px|false|false&#8221; box_shadow_style=&#8221;preset3&#8243; box_shadow_vertical=&#8221;2px&#8221; global_colors_info=&#8221;{}&#8221;]<\/p>\n<h4><img loading=\"lazy\" decoding=\"async\" class=\"wp-image-4593 size-full alignright\" src=\"https:\/\/experienciamoderna.com\/wp-content\/uploads\/2020\/05\/logoGobiernoVasco.jpg\" alt=\"\" width=\"159\" height=\"80\" \/>Euskal unibertsitate-sistemako ikerketa-taldea.<\/h4>\n<p>[\/et_pb_text][et_pb_text content_tablet=&#8221;&#8221; content_phone=&#8221;<\/p>\n<h4 style=%22text-align: center;%22><img class=%22wp-image-4593 size-full aligncenter%22 src=%22https:\/\/experienciamoderna.com\/wp-content\/uploads\/2020\/05\/logoGobiernoVasco.jpg%22 alt=%22%22 width=%22159%22 height=%2280%22 \/><\/h4>\n<h4 style=%22text-align: center;%22>Grupo de Investigaci\u00f3n del Sistema Universitario Vasco desde 2019.<\/h4>\n<p style=%22text-align: center;%22>C\u00f3digo IT1312- 19.<\/p>\n<p>&#8221; content_last_edited=&#8221;on|phone&#8221; _builder_version=&#8221;4.16&#8243; header_font=&#8221;||||||||&#8221; header_3_text_color=&#8221;#ab398e&#8221; header_4_font=&#8221;Ubuntu||||||||&#8221; header_4_text_color=&#8221;#ab398e&#8221; header_4_font_size=&#8221;20px&#8221; header_4_line_height=&#8221;1.8em&#8221; header_5_font=&#8221;Lato||on||||||&#8221; header_5_font_size=&#8221;14px&#8221; header_5_line_height=&#8221;1.8em&#8221; background_color=&#8221;#ffffff&#8221; custom_margin=&#8221;||||false|false&#8221; custom_padding=&#8221;30px|30px|30px|30px|false|false&#8221; box_shadow_style=&#8221;preset3&#8243; box_shadow_vertical=&#8221;2px&#8221; global_colors_info=&#8221;{}&#8221;]<\/p>\n<h4><img loading=\"lazy\" decoding=\"async\" class=\"wp-image-4593 size-full alignright\" src=\"https:\/\/experienciamoderna.com\/wp-content\/uploads\/2020\/05\/logoGobiernoVasco.jpg\" alt=\"\" width=\"159\" height=\"80\" \/>Euskal Unibertsitate-Sistemaren Ikerketa-Taldea 2019az geroztik.<\/h4>\n<p>C\u00f3digo IT1312- 19.<\/p>\n<p>[\/et_pb_text][et_pb_text content_tablet=&#8221;&#8221; content_phone=&#8221;<\/p>\n<h4><strong><img class=%22wp-image-4578 size-full aligncenter%22 src=%22https:\/\/experienciamoderna.com\/wp-content\/uploads\/2020\/05\/logoUPV_80.jpg%22 alt=%22%22 width=%22174%22 height=%2280%22 \/><\/strong><\/h4>\n<h4 style=%22text-align: center;%22> La experiencia de la sociedad moderna en Espa\u00f1a (1870-1990)<\/h4>\n<p style=%22text-align: center;%22>Grupo Consolidado de la Universidad del Pa\u00eds Vasco (GIU) desde 2008.<\/p>\n<p>&#8221; content_last_edited=&#8221;on|phone&#8221; _builder_version=&#8221;4.16&#8243; header_font=&#8221;||||||||&#8221; header_4_font=&#8221;Ubuntu||||||||&#8221; header_4_text_color=&#8221;#ab398e&#8221; header_4_font_size=&#8221;20px&#8221; header_4_line_height=&#8221;1.8em&#8221; header_5_font=&#8221;Lato||on||||||&#8221; header_5_font_size=&#8221;14px&#8221; header_5_line_height=&#8221;1.8em&#8221; background_color=&#8221;#ffffff&#8221; custom_margin=&#8221;||||false|false&#8221; custom_padding=&#8221;30px|30px|30px|30px|false|false&#8221; box_shadow_style=&#8221;preset3&#8243; global_colors_info=&#8221;{}&#8221;]<\/p>\n<h4><strong><img loading=\"lazy\" decoding=\"async\" class=\"wp-image-4578 size-full alignright\" src=\"https:\/\/experienciamoderna.com\/wp-content\/uploads\/2020\/05\/logoUPV_80.jpg\" alt=\"\" width=\"174\" height=\"80\" \/><\/strong><\/h4>\n<h4 style=\"text-align: left;\">\u200bLa experiencia de la sociedad moderna en Espa\u00f1a (1870-1990)<\/h4>\n<p style=\"text-align: left;\">Euskal Herriko Unibertsitatearen Talde Kontsolidatua (ITU) 2008az geroztik.<\/p>\n<p>[\/et_pb_text][et_pb_text _builder_version=&#8221;4.16&#8243; header_font=&#8221;||||||||&#8221; header_text_color=&#8221;#393e56&#8243; header_3_text_color=&#8221;#393e56&#8243; header_4_font=&#8221;Ubuntu||||||||&#8221; header_4_font_size=&#8221;20px&#8221; header_4_line_height=&#8221;1.8em&#8221; header_5_font=&#8221;Lato||on||||||&#8221; header_5_font_size=&#8221;14px&#8221; header_5_line_height=&#8221;1.8em&#8221; custom_margin=&#8221;||0px|&#8221; global_colors_info=&#8221;{}&#8221;]<\/p>\n<h3>PROIEKTUAK<\/h3>\n<p>[\/et_pb_text][et_pb_divider _builder_version=&#8221;4.16&#8243; global_colors_info=&#8221;{}&#8221;][\/et_pb_divider][et_pb_text content_tablet=&#8221;&#8221; content_phone=&#8221;<\/p>\n<h4 style=%22text-align: left;%22><strong><img class=%22wp-image-4612  aligncenter%22 src=https:\/\/experienciamoderna.com\/wp-content\/uploads\/2020\/05\/Logo_Ministerior_Economia.jpg alt=%22%22 width=%22205%22 height=%2271%22 \/><\/strong><\/h4>\n<h4 style=%22text-align: center;%22> La experiencia de la sociedad moderna en Espa\u00f1a (1875-1990)<\/h4>\n<p style=%22text-align: center;%22>Ministerio de Econom\u00eda y Competitividad , 2012- 2016.<\/p>\n<p>&#8221; content_last_edited=&#8221;on|phone&#8221; _builder_version=&#8221;4.19.5&#8243; header_font=&#8221;||||||||&#8221; header_4_font=&#8221;Ubuntu||||||||&#8221; header_4_text_color=&#8221;#ab398e&#8221; header_4_font_size=&#8221;20px&#8221; header_4_line_height=&#8221;1.8em&#8221; header_5_font=&#8221;Lato||on||||||&#8221; header_5_font_size=&#8221;14px&#8221; header_5_line_height=&#8221;1.8em&#8221; custom_margin=&#8221;||||false|false&#8221; custom_padding=&#8221;30px|30px|30px|30px|false|false&#8221; box_shadow_style=&#8221;preset3&#8243; global_colors_info=&#8221;{}&#8221;]<\/p>\n<h4><strong><img loading=\"lazy\" decoding=\"async\" class=\"wp-image-4612 alignright\" src=\"https:\/\/experienciamoderna.com\/wp-content\/uploads\/2020\/05\/Logo_Ministerior_Economia.jpg\" alt=\"\" width=\"205\" height=\"71\" \/><\/strong>El desorden de g\u00e9nero en la Espa\u00f1a contempor\u00e1nea. Feminidades y masculinidades<\/h4>\n<p>Hezkuntza\u00a0eta\u00a0Zientzia\u00a0Ministerioa, 2021-2024<\/p>\n<p>[\/et_pb_text][et_pb_text content_tablet=&#8221;&#8221; content_phone=&#8221;<\/p>\n<h4 style=%22text-align: center;%22><strong><img class=%22wp-image-4612  aligncenter%22 src=https:\/\/experienciamoderna.com\/wp-content\/uploads\/2020\/05\/Logo_Ministerior_Economia.jpg alt=%22%22 width=%22202%22 height=%2270%22 \/><\/strong><\/h4>\n<h4 style=%22text-align: center;%22>La experiencia de la sociedad moderna en Espa\u00f1a: Emociones, relaciones de g\u00e9nero y subjetividades (siglos XIX y XX)<\/h4>\n<p style=%22text-align: center;%22>Ministerio de Econom\u00eda y Competitividad y FEDER, 2017- 2019.<\/p>\n<p>&#8221; content_last_edited=&#8221;on|phone&#8221; _builder_version=&#8221;4.16&#8243; header_font=&#8221;||||||||&#8221; header_4_font=&#8221;Ubuntu||||||||&#8221; header_4_text_color=&#8221;#ab398e&#8221; header_4_font_size=&#8221;20px&#8221; header_4_line_height=&#8221;1.8em&#8221; header_5_font=&#8221;Lato||on||||||&#8221; header_5_font_size=&#8221;14px&#8221; header_5_line_height=&#8221;1.8em&#8221; background_color=&#8221;#ffffff&#8221; custom_margin=&#8221;||||false|false&#8221; custom_padding=&#8221;30px|30px|30px|30px|false|false&#8221; box_shadow_style=&#8221;preset3&#8243; global_colors_info=&#8221;{}&#8221;]<\/p>\n<h4><strong><img loading=\"lazy\" decoding=\"async\" class=\"wp-image-4612 alignright\" src=\"https:\/\/experienciamoderna.com\/wp-content\/uploads\/2020\/05\/Logo_Ministerior_Economia.jpg\" alt=\"\" width=\"202\" height=\"70\" \/><\/strong><\/h4>\n<h4>La experiencia de la sociedad moderna en Espa\u00f1a: Emociones, relaciones de g\u00e9nero y subjetividades (siglos XIX y XX)<\/h4>\n<p>Ekonomia eta Lehiakortasuneko Ministerioa eta FEDER, 2017- 2019.<\/p>\n<p>[\/et_pb_text][et_pb_text content_tablet=&#8221;&#8221; content_phone=&#8221;<\/p>\n<h4 style=%22text-align: left;%22><strong><img class=%22wp-image-4612  aligncenter%22 src=https:\/\/experienciamoderna.com\/wp-content\/uploads\/2020\/05\/Logo_Ministerior_Economia.jpg alt=%22%22 width=%22205%22 height=%2271%22 \/><\/strong><\/h4>\n<h4 style=%22text-align: center;%22> La experiencia de la sociedad moderna en Espa\u00f1a (1875-1990)<\/h4>\n<p style=%22text-align: center;%22>Ministerio de Econom\u00eda y Competitividad , 2012- 2016.<\/p>\n<p>&#8221; content_last_edited=&#8221;on|phone&#8221; _builder_version=&#8221;4.16&#8243; header_font=&#8221;||||||||&#8221; header_4_font=&#8221;Ubuntu||||||||&#8221; header_4_text_color=&#8221;#ab398e&#8221; header_4_font_size=&#8221;20px&#8221; header_4_line_height=&#8221;1.8em&#8221; header_5_font=&#8221;Lato||on||||||&#8221; header_5_font_size=&#8221;14px&#8221; header_5_line_height=&#8221;1.8em&#8221; custom_margin=&#8221;||||false|false&#8221; custom_padding=&#8221;30px|30px|30px|30px|false|false&#8221; box_shadow_style=&#8221;preset3&#8243; global_colors_info=&#8221;{}&#8221;]<\/p>\n<h4><strong><img loading=\"lazy\" decoding=\"async\" class=\"wp-image-4612 alignright\" src=\"https:\/\/experienciamoderna.com\/wp-content\/uploads\/2020\/05\/Logo_Ministerior_Economia.jpg\" alt=\"\" width=\"205\" height=\"71\" \/><\/strong>\u200bLa experiencia de la sociedad moderna en Espa\u00f1a (1875-1990)<\/h4>\n<p>Ekonomia eta Lehiakortasuneko Ministerioa, 2012- 2016.<\/p>\n<p>[\/et_pb_text][et_pb_text content_tablet=&#8221;&#8221; content_phone=&#8221;<\/p>\n<h4><strong><img class=%22wp-image-4578 aligncenter%22 src=https:\/\/experienciamoderna.com\/wp-content\/uploads\/2020\/05\/logoUPV_80.jpg alt=%22%22 width=%22176%22 height=%2281%22 \/><\/strong><\/h4>\n<h4 style=%22text-align: center;%22> Euskal Hiria: cambios sociales y comunicaci\u00f3n<\/h4>\n<p style=%22text-align: center;%22>Universidad del Pa\u00eds Vasco, Unidad de Formaci\u00f3n e Investigaci\u00f3n, 2011-2016.<\/p>\n<p>&#8221; content_last_edited=&#8221;on|phone&#8221; _builder_version=&#8221;4.16&#8243; header_font=&#8221;||||||||&#8221; header_4_font=&#8221;Ubuntu||||||||&#8221; header_4_text_color=&#8221;#ab398e&#8221; header_4_font_size=&#8221;20px&#8221; header_4_line_height=&#8221;1.8em&#8221; header_5_font=&#8221;Lato||on||||||&#8221; header_5_font_size=&#8221;14px&#8221; header_5_line_height=&#8221;1.8em&#8221; background_color=&#8221;#ffffff&#8221; custom_margin=&#8221;||||false|false&#8221; custom_padding=&#8221;30px|30px|30px|30px|false|false&#8221; box_shadow_style=&#8221;preset3&#8243; global_colors_info=&#8221;{}&#8221;]<\/p>\n<h4><strong><img loading=\"lazy\" decoding=\"async\" class=\"wp-image-4578 alignright\" src=\"https:\/\/experienciamoderna.com\/wp-content\/uploads\/2020\/05\/logoUPV_80.jpg\" alt=\"\" width=\"176\" height=\"81\" \/><\/strong>\u200bEuskal Hiria: cambios sociales y comunicaci\u00f3n<\/h4>\n<p>Euskal Herriko Unibertsitatea, Prestakuntza eta Ikerketa Unitatea, 2011-2016.<\/p>\n<p>[\/et_pb_text][et_pb_text content_tablet=&#8221;&#8221; content_phone=&#8221;<\/p>\n<h4 style=%22text-align: center;%22><strong><img class=%22wp-image-4578 size-full aligncenter%22 src=%22https:\/\/experienciamoderna.com\/wp-content\/uploads\/2020\/05\/logoUPV_80.jpg%22 alt=%22%22 width=%22174%22 height=%2280%22 data-mce-fragment=%221%22 \/><\/strong><\/h4>\n<h4 style=%22text-align: center;%22> El contenido de la identidad. Las identidades en el Pa\u00eds Vasco contempor\u00e1neo<\/h4>\n<p style=%22text-align: center;%22>Universidad del Pa\u00eds Vasco 2006-2008.<\/p>\n<p>&#8221; content_last_edited=&#8221;on|phone&#8221; _builder_version=&#8221;4.16&#8243; header_font=&#8221;||||||||&#8221; header_4_font=&#8221;Ubuntu||||||||&#8221; header_4_text_color=&#8221;#ab398e&#8221; header_4_font_size=&#8221;20px&#8221; header_4_line_height=&#8221;1.8em&#8221; header_5_font=&#8221;Lato||on||||||&#8221; header_5_font_size=&#8221;14px&#8221; header_5_line_height=&#8221;1.8em&#8221; background_color=&#8221;#ffffff&#8221; custom_margin=&#8221;||||false|false&#8221; custom_padding=&#8221;30px|30px|30px|30px|false|false&#8221; box_shadow_style=&#8221;preset3&#8243; global_colors_info=&#8221;{}&#8221;]<\/p>\n<h4><strong><img loading=\"lazy\" decoding=\"async\" class=\"wp-image-4578 size-full alignright\" src=\"https:\/\/experienciamoderna.com\/wp-content\/uploads\/2020\/05\/logoUPV_80.jpg\" alt=\"\" width=\"174\" height=\"80\" \/><\/strong>\u200bEl contenido de la identidad. Las identidades en el Pa\u00eds Vasco contempor\u00e1neo<\/h4>\n<p>Euskal Herriko Unibertsitatea, 2006-2008.<\/p>\n<p>[\/et_pb_text][et_pb_text content_tablet=&#8221;&#8221; content_phone=&#8221;<\/p>\n<h4 style=%22text-align: center;%22><strong><img class=%22wp-image-4578 size-full aligncenter%22 src=%22https:\/\/experienciamoderna.com\/wp-content\/uploads\/2020\/05\/logoUPV_80.jpg%22 alt=%22%22 width=%22174%22 height=%2280%22 \/><\/strong><\/h4>\n<h4 style=%22text-align: center;%22>Los argumentos de la identidad y de la memoria en el Pa\u00eds Vasco<\/h4>\n<p style=%22text-align: center;%22>Universidad del Pa\u00eds Vasco, 2006-2008.<\/p>\n<p>&#8221; content_last_edited=&#8221;on|phone&#8221; _builder_version=&#8221;4.16&#8243; header_font=&#8221;||||||||&#8221; header_4_font=&#8221;Ubuntu||||||||&#8221; header_4_text_color=&#8221;#ab398e&#8221; header_4_font_size=&#8221;20px&#8221; header_4_line_height=&#8221;1.8em&#8221; header_5_font=&#8221;Lato||on||||||&#8221; header_5_font_size=&#8221;14px&#8221; header_5_line_height=&#8221;1.8em&#8221; background_color=&#8221;#ffffff&#8221; custom_margin=&#8221;||||false|false&#8221; custom_padding=&#8221;30px|30px|30px|30px|false|false&#8221; box_shadow_style=&#8221;preset3&#8243; global_colors_info=&#8221;{}&#8221;]<\/p>\n<h4 style=\"text-align: left;\"><strong><img loading=\"lazy\" decoding=\"async\" class=\"wp-image-4578 size-full alignright\" src=\"https:\/\/experienciamoderna.com\/wp-content\/uploads\/2020\/05\/logoUPV_80.jpg\" alt=\"\" width=\"174\" height=\"80\" \/><\/strong>Los argumentos de la identidad y de la memoria en el Pa\u00eds Vasco<\/h4>\n<p>Euskal Herriko Unibertsitatea, 2006-2008.<\/p>\n<p>[\/et_pb_text][et_pb_text content_tablet=&#8221;&#8221; content_phone=&#8221;<\/p>\n<h4 style=%22text-align: left;%22><img class=%22wp-image-4720 size-full aligncenter%22 src=%22https:\/\/experienciamoderna.com\/wp-content\/uploads\/2020\/05\/Logo_AytoBilbao4.jpg%22 alt=%22%22 width=%22110%22 height=%2257%22 \/><\/h4>\n<h4><img class=%22wp-image-4726  aligncenter%22 src=https:\/\/experienciamoderna.com\/wp-content\/uploads\/2020\/05\/Logo_DipuBizkaia-4.jpg alt=%22%22 width=%22124%22 height=%2257%22 \/><\/h4>\n<p style=%22text-align: center;%22><img class=%22wp-image-4772  aligncenter%22 src=https:\/\/experienciamoderna.com\/wp-content\/uploads\/2020\/05\/Logo_GV_Igualdad.jpg alt=%22%22 width=%22170%22 height=%2278%22 \/><\/p>\n<h4 style=%22text-align: center;%22>La preservaci\u00f3n del patrimonio cultural inmaterial<\/h4>\n<h5 style=%22text-align: center;%22>(AHOA, Ahozko Historiaren Artxiboa \u2013 Archivo de la Memoria).<\/h5>\n<p style=%22text-align: center;%22>Ayuntamiento de Bilbao, Diputaci\u00f3n de Bizkaia, Gobierno Vasco, desde el a\u00f1o 2004.<\/p>\n<p>&#8221; content_last_edited=&#8221;on|phone&#8221; _builder_version=&#8221;4.16&#8243; header_font=&#8221;||||||||&#8221; header_4_font=&#8221;Ubuntu||||||||&#8221; header_4_text_color=&#8221;#ab398e&#8221; header_4_font_size=&#8221;20px&#8221; header_4_line_height=&#8221;1.8em&#8221; header_5_font=&#8221;Lato||on||||||&#8221; header_5_font_size=&#8221;14px&#8221; header_5_line_height=&#8221;1.8em&#8221; background_color=&#8221;#ffffff&#8221; custom_margin=&#8221;||||false|false&#8221; custom_padding=&#8221;30px|30px|30px|30px|false|false&#8221; box_shadow_style=&#8221;preset3&#8243; global_colors_info=&#8221;{}&#8221;]<\/p>\n<h4 style=\"text-align: left;\"><img loading=\"lazy\" decoding=\"async\" class=\"wp-image-4720 size-full alignright\" src=\"https:\/\/experienciamoderna.com\/wp-content\/uploads\/2020\/05\/Logo_AytoBilbao4.jpg\" alt=\"\" width=\"110\" height=\"57\" \/><img loading=\"lazy\" decoding=\"async\" class=\"wp-image-4726 alignright\" src=\"https:\/\/experienciamoderna.com\/wp-content\/uploads\/2020\/05\/Logo_DipuBizkaia-4.jpg\" alt=\"\" width=\"124\" height=\"57\" \/>La preservaci\u00f3n del patrimonio cultural inmaterial<\/h4>\n<h5>(AHOA, Ahozko Historiaren Artxiboa \u2013 Archivo de la Memoria).<\/h5>\n<p><img loading=\"lazy\" decoding=\"async\" class=\"wp-image-4772 alignright\" src=\"https:\/\/experienciamoderna.com\/wp-content\/uploads\/2020\/05\/Logo_GV_Igualdad.jpg\" alt=\"\" width=\"159\" height=\"73\" \/>Bilboko Udala, Bizkaiko Aldundia, Eusko Jaurlaritza, 2004az geroztik.<\/p>\n<p>[\/et_pb_text][et_pb_text content_tablet=&#8221;&#8221; content_phone=&#8221;<\/p>\n<h4 style=%22text-align: left;%22><strong><img class=%22wp-image-4569 aligncenter%22 src=https:\/\/experienciamoderna.com\/wp-content\/uploads\/2020\/05\/Logo-Ministerio_educaci\u00f3n.jpg alt=%22%22 width=%22161%22 height=%2270%22 \/><\/strong><\/h4>\n<h4 style=%22text-align: center;%22>La construcci\u00f3n hist\u00f3rica de la identidad y de la diferencia en el Pa\u00eds Vasco: g\u00e9nero, clase y nacionalidad (1876-1975).<\/h4>\n<p style=%22text-align: center;%22>Ministerio de Educaci\u00f3n y Ciencia, 2002-2005.<\/p>\n<p>&#8221; content_last_edited=&#8221;on|phone&#8221; _builder_version=&#8221;4.16&#8243; header_font=&#8221;||||||||&#8221; header_4_font=&#8221;Ubuntu||||||||&#8221; header_4_text_color=&#8221;#ab398e&#8221; header_4_font_size=&#8221;20px&#8221; header_4_line_height=&#8221;1.8em&#8221; header_5_font=&#8221;Lato||on||||||&#8221; header_5_font_size=&#8221;14px&#8221; header_5_line_height=&#8221;1.8em&#8221; background_color=&#8221;#ffffff&#8221; custom_margin=&#8221;||||false|false&#8221; custom_padding=&#8221;30px|30px|30px|30px|false|false&#8221; box_shadow_style=&#8221;preset3&#8243; global_colors_info=&#8221;{}&#8221;]<\/p>\n<h4 style=\"text-align: left;\"><strong><img loading=\"lazy\" decoding=\"async\" class=\"alignright wp-image-4569\" src=\"https:\/\/experienciamoderna.com\/wp-content\/uploads\/2020\/05\/Logo-Ministerio_educaci\u00f3n.jpg\" alt=\"\" width=\"161\" height=\"70\" \/><\/strong>La construcci\u00f3n hist\u00f3rica de la identidad y de la diferencia en el Pa\u00eds Vasco: g\u00e9nero, clase y nacionalidad (1876-1975).<\/h4>\n<p style=\"text-align: left;\">Hezkuntza eta Zientziako Ministerioa, 2002-2005.<\/p>\n<p>[\/et_pb_text][et_pb_text _builder_version=&#8221;4.19.5&#8243; header_font=&#8221;||||||||&#8221; header_text_color=&#8221;#393e56&#8243; header_3_text_color=&#8221;#393e56&#8243; header_4_font=&#8221;Ubuntu||||||||&#8221; header_4_font_size=&#8221;20px&#8221; header_4_line_height=&#8221;1.8em&#8221; header_5_font=&#8221;Lato||on||||||&#8221; header_5_font_size=&#8221;14px&#8221; header_5_line_height=&#8221;1.8em&#8221; custom_margin=&#8221;||0px|&#8221; global_colors_info=&#8221;{}&#8221;]<\/p>\n<h3>KONTRATUAK ETA HITZARMENAK<\/h3>\n<p>[\/et_pb_text][et_pb_divider _builder_version=&#8221;4.16&#8243; global_colors_info=&#8221;{}&#8221;][\/et_pb_divider][et_pb_text content_tablet=&#8221;&#8221; content_phone=&#8221;<\/p>\n<h4><strong><img class=%22wp-image-4726  aligncenter%22 src=https:\/\/experienciamoderna.com\/wp-content\/uploads\/2020\/05\/Logo_DipuBizkaia-4.jpg alt=%22%22 width=%22124%22 height=%2257%22 \/><\/strong><\/h4>\n<h4><strong><img class=%22wp-image-5059  aligncenter%22 src=https:\/\/experienciamoderna.com\/wp-content\/uploads\/2020\/05\/bandera_europa.png alt=%22%22 width=%2289%22 height=%2259%22 \/><\/strong><\/h4>\n<h4 style=%22text-align: center;%22>Historia y memoria del feminismo en Bizkaia en el siglo XX<\/h4>\n<p style=%22text-align: center;%22>Contrato con la Diputaci\u00f3n Foral de Bizkaia (2019)<\/p>\n<p>&#8221; content_last_edited=&#8221;on|phone&#8221; _builder_version=&#8221;4.16&#8243; header_font=&#8221;||||||||&#8221; header_4_font=&#8221;Ubuntu||||||||&#8221; header_4_text_color=&#8221;#ab398e&#8221; header_4_font_size=&#8221;20px&#8221; header_4_line_height=&#8221;1.8em&#8221; header_5_font=&#8221;Lato||on||||||&#8221; header_5_font_size=&#8221;14px&#8221; header_5_line_height=&#8221;1.8em&#8221; background_color=&#8221;#ffffff&#8221; custom_margin=&#8221;||||false|false&#8221; custom_padding=&#8221;30px|30px|30px|30px|false|false&#8221; box_shadow_style=&#8221;preset3&#8243; global_colors_info=&#8221;{}&#8221;]<\/p>\n<h4><strong><img loading=\"lazy\" decoding=\"async\" class=\"wp-image-4726 alignright\" src=\"https:\/\/experienciamoderna.com\/wp-content\/uploads\/2020\/05\/Logo_DipuBizkaia-4.jpg\" alt=\"\" width=\"124\" height=\"57\" \/><\/strong>Historia y memoria del feminismo en Bizkaia en el siglo XX<strong><img loading=\"lazy\" decoding=\"async\" class=\"wp-image-5059 alignright\" src=\"https:\/\/experienciamoderna.com\/wp-content\/uploads\/2020\/05\/bandera_europa.png\" alt=\"\" width=\"71\" height=\"47\" \/><\/strong><\/h4>\n<p>Kontratua Bizkaiko Foru Aldundiarekin (2019)<\/p>\n<p>[\/et_pb_text][et_pb_text content_tablet=&#8221;&#8221; content_phone=&#8221;<\/p>\n<h4><strong><img class=%22wp-image-4726  aligncenter%22 src=https:\/\/experienciamoderna.com\/wp-content\/uploads\/2020\/05\/Logo_DipuBizkaia-4.jpg alt=%22%22 width=%22124%22 height=%2257%22 \/><\/strong><\/h4>\n<h4><strong><img class=%22wp-image-5059  aligncenter%22 src=https:\/\/experienciamoderna.com\/wp-content\/uploads\/2020\/05\/bandera_europa.png alt=%22%22 width=%2289%22 height=%2259%22 \/><\/strong><\/h4>\n<h4 style=%22text-align: center;%22>Historia y memoria del feminismo en Bizkaia en el siglo XX<\/h4>\n<p style=%22text-align: center;%22>Contrato con la Diputaci\u00f3n Foral de Bizkaia (2019)<\/p>\n<p>&#8221; content_last_edited=&#8221;on|phone&#8221; _builder_version=&#8221;4.20.0&#8243; header_font=&#8221;||||||||&#8221; header_4_font=&#8221;Ubuntu||||||||&#8221; header_4_text_color=&#8221;#ab398e&#8221; header_4_font_size=&#8221;20px&#8221; header_4_line_height=&#8221;1.8em&#8221; header_5_font=&#8221;Lato||on||||||&#8221; header_5_font_size=&#8221;14px&#8221; header_5_line_height=&#8221;1.8em&#8221; background_color=&#8221;#ffffff&#8221; custom_margin=&#8221;||||false|false&#8221; custom_padding=&#8221;30px|30px|30px|30px|false|false&#8221; box_shadow_style=&#8221;preset3&#8243; global_colors_info=&#8221;{}&#8221;]<\/p>\n<h4><img loading=\"lazy\" decoding=\"async\" class=\"alignright wp-image-7344\" src=\"https:\/\/experienciamoderna.com\/wp-content\/uploads\/2023\/02\/Contratos-y-Convenios.-LogoRamonRubial.png\" alt=\"\" width=\"100\" height=\"64\" \/><\/h4>\n<h4>Ram\u00f3n Rubial Fundazioaren eta Euskal Herriko Unibertsitatearen arteko lankidetza-hitzarmena<\/h4>\n<p>[\/et_pb_text][\/et_pb_column][\/et_pb_row][\/et_pb_section]<\/p>\n","protected":false},"excerpt":{"rendered":"<p>Ikerketa proiektuak eta kontratuakTALDEAKEuskal unibertsitate-sistemako ikerketa-taldea.Euskal Unibertsitate-Sistemaren Ikerketa-Taldea 2019az geroztik. C\u00f3digo IT1312- 19. \u200bLa experiencia de la sociedad moderna en Espa\u00f1a (1870-1990) Euskal Herriko Unibertsitatearen Talde Kontsolidatua (ITU) 2008az geroztik.PROIEKTUAKEl desorden de g\u00e9nero en la Espa\u00f1a contempor\u00e1nea. Feminidades y masculinidades Hezkuntza\u00a0eta\u00a0Zientzia\u00a0Ministerioa, 2021-2024 La experiencia de la sociedad moderna en Espa\u00f1a: Emociones, relaciones de g\u00e9nero y [&hellip;]<\/p>\n","protected":false},"author":1,"featured_media":0,"parent":5924,"menu_order":0,"comment_status":"closed","ping_status":"closed","template":"","meta":{"_et_pb_use_builder":"on","_et_pb_old_content":"","_et_gb_content_width":"","footnotes":""},"class_list":["post-5887","page","type-page","status-publish","hentry"],"_links":{"self":[{"href":"https:\/\/experienciamoderna.com\/eu\/wp-json\/wp\/v2\/pages\/5887","targetHints":{"allow":["GET"]}}],"collection":[{"href":"https:\/\/experienciamoderna.com\/eu\/wp-json\/wp\/v2\/pages"}],"about":[{"href":"https:\/\/experienciamoderna.com\/eu\/wp-json\/wp\/v2\/types\/page"}],"author":[{"embeddable":true,"href":"https:\/\/experienciamoderna.com\/eu\/wp-json\/wp\/v2\/users\/1"}],"replies":[{"embeddable":true,"href":"https:\/\/experienciamoderna.com\/eu\/wp-json\/wp\/v2\/comments?post=5887"}],"version-history":[{"count":14,"href":"https:\/\/experienciamoderna.com\/eu\/wp-json\/wp\/v2\/pages\/5887\/revisions"}],"predecessor-version":[{"id":9263,"href":"https:\/\/experienciamoderna.com\/eu\/wp-json\/wp\/v2\/pages\/5887\/revisions\/9263"}],"up":[{"embeddable":true,"href":"https:\/\/experienciamoderna.com\/eu\/wp-json\/wp\/v2\/pages\/5924"}],"wp:attachment":[{"href":"https:\/\/experienciamoderna.com\/eu\/wp-json\/wp\/v2\/media?parent=5887"}],"curies":[{"name":"wp","href":"https:\/\/api.w.org\/{rel}","templated":true}]}}